{"id":1847,"date":"2026-03-03T16:25:06","date_gmt":"2026-03-03T15:25:06","guid":{"rendered":"https:\/\/agence-feitler.lu\/property\/apartment-luxembourg\/"},"modified":"2026-03-03T16:25:06","modified_gmt":"2026-03-03T15:25:06","slug":"apartment-luxembourg-86469446","status":"publish","type":"property","link":"https:\/\/agence-feitler.lu\/en\/property\/apartment-luxembourg-86469446\/","title":{"rendered":"Apartment Luxembourg"},"content":{"rendered":"<p>R\u00e9sidence GERSHWIN en construction sise \u00e0 Luxembourg-Merl rue Giselbert<br \/>\nDate d&#8217;ach\u00e8vement septembre 2026<\/p>\n<p>Appartement sis au rez-de-chauss\u00e9e de 53,94 m2 avec une surface jardin \/ terrasse de 77,47 m2 et comprenant: living avec cuisine ouverte donnant sur terrasse, 1 chambre \u00e0 coucher donnant \u00e9galement sur terrasse, salle de bains, hall d&#8217;entr\u00e9e, cave privative 4,19 m2 et un emplacement de parking int\u00e9rieur automatique (parklift), buanderie commune et local v\u00e9los.<\/p>\n<p>Am\u00e9nagement int\u00e9rieur:<br \/>\n-> chauffage au sol (pompe \u00e0 chaleur), parquet, robinetterie encastr\u00e9e Grohe, fen\u00eatre bois-aluminium \u00e0 triple vitrage, stores \u00e0 lamelles \u00e9lectriques et ventilation double flux<\/p>\n<p>-Passeport \u00e9nerg\u00e9tique: AA<br \/>\n-panneaux solaire pour production d&#8217;eau chaude sanitaire<br \/>\n-fa\u00e7ade ventil\u00e9e avec des panneaux en Trespa (ou similaire)<\/p>\n<p>Prix appartement avec cave et parking: 745.000,00 \u20ac (r\u00e9sidence principale)<br \/>\nLe prix annonc\u00e9 comprend la TVA 3% (TVA au taux super-r\u00e9duit de 3% sous r\u00e9serve de l&#8217;accord de l&#8217;administration comp\u00e9tente)<br \/>\nPrix TVA 17%: 795.000,-\u20ac (pour investissement)<\/p>\n<p>R\u00e9sidence de haut standing, tr\u00e8s bonne situation, proche de tout commerce, campus scolaire, \u00e9coles, Conservatoire, Parc de Merl; avec acc\u00e8s direct vers autoroute et tr\u00e8s bonne connexion bus via la Place de France<\/p>\n","protected":false},"excerpt":{"rendered":"<p>R\u00e9sidence GERSHWIN en construction sise \u00e0 Luxembourg-Merl rue Giselbert Date d&#8217;ach\u00e8vement septembre 2026 Appartement sis au rez-de-chauss\u00e9e de 53,94 m2 avec une surface jardin \/ terrasse de 77,47 m2 et&#8230;<\/p>\n","protected":false},"featured_media":0,"template":"","meta":{"_acf_changed":false},"class_list":["post-1847","property","type-property","status-publish"],"acf":[],"yoast_head":"<!-- This site is optimized with the Yoast SEO plugin v27.3 - https:\/\/yoast.com\/product\/yoast-seo-wordpress\/ -->\n<title>Apartment Luxembourg - Agence Feitler<\/title>\n<meta name=\"robots\" content=\"index, follow, max-snippet:-1, max-image-preview:large, max-video-preview:-1\" \/>\n<link rel=\"canonical\" href=\"https:\/\/agence-feitler.lu\/en\/property\/apartment-luxembourg-86469446\/\" \/>\n<meta property=\"og:locale\" content=\"en_US\" \/>\n<meta property=\"og:type\" content=\"article\" \/>\n<meta property=\"og:title\" content=\"Apartment Luxembourg - Agence Feitler\" \/>\n<meta property=\"og:description\" content=\"R\u00e9sidence GERSHWIN en construction sise \u00e0 Luxembourg-Merl rue Giselbert Date d&#8217;ach\u00e8vement septembre 2026 Appartement sis au rez-de-chauss\u00e9e de 53,94 m2 avec une surface jardin \/ terrasse de 77,47 m2 et...\" \/>\n<meta property=\"og:url\" content=\"https:\/\/agence-feitler.lu\/en\/property\/apartment-luxembourg-86469446\/\" \/>\n<meta property=\"og:site_name\" content=\"Agence Feitler\" \/>\n<meta name=\"twitter:card\" content=\"summary_large_image\" \/>\n<meta name=\"twitter:label1\" content=\"Est. reading time\" \/>\n\t<meta name=\"twitter:data1\" content=\"1 minute\" \/>\n<script type=\"application\/ld+json\" class=\"yoast-schema-graph\">{\"@context\":\"https:\\\/\\\/schema.org\",\"@graph\":[{\"@type\":\"WebPage\",\"@id\":\"https:\\\/\\\/agence-feitler.lu\\\/en\\\/property\\\/apartment-luxembourg-86469446\\\/\",\"url\":\"https:\\\/\\\/agence-feitler.lu\\\/en\\\/property\\\/apartment-luxembourg-86469446\\\/\",\"name\":\"Apartment Luxembourg - Agence Feitler\",\"isPartOf\":{\"@id\":\"https:\\\/\\\/agence-feitler.lu\\\/en\\\/#website\"},\"datePublished\":\"2026-03-03T15:25:06+00:00\",\"breadcrumb\":{\"@id\":\"https:\\\/\\\/agence-feitler.lu\\\/en\\\/property\\\/apartment-luxembourg-86469446\\\/#breadcrumb\"},\"inLanguage\":\"en-US\",\"potentialAction\":[{\"@type\":\"ReadAction\",\"target\":[\"https:\\\/\\\/agence-feitler.lu\\\/en\\\/property\\\/apartment-luxembourg-86469446\\\/\"]}]},{\"@type\":\"BreadcrumbList\",\"@id\":\"https:\\\/\\\/agence-feitler.lu\\\/en\\\/property\\\/apartment-luxembourg-86469446\\\/#breadcrumb\",\"itemListElement\":[{\"@type\":\"ListItem\",\"position\":1,\"name\":\"Start\",\"item\":\"https:\\\/\\\/agence-feitler.lu\\\/en\\\/\"},{\"@type\":\"ListItem\",\"position\":2,\"name\":\"Apartment Luxembourg\"}]},{\"@type\":\"WebSite\",\"@id\":\"https:\\\/\\\/agence-feitler.lu\\\/en\\\/#website\",\"url\":\"https:\\\/\\\/agence-feitler.lu\\\/en\\\/\",\"name\":\"Agence Feitler\",\"description\":\"\",\"publisher\":{\"@id\":\"https:\\\/\\\/agence-feitler.lu\\\/en\\\/#organization\"},\"potentialAction\":[{\"@type\":\"SearchAction\",\"target\":{\"@type\":\"EntryPoint\",\"urlTemplate\":\"https:\\\/\\\/agence-feitler.lu\\\/en\\\/?s={search_term_string}\"},\"query-input\":{\"@type\":\"PropertyValueSpecification\",\"valueRequired\":true,\"valueName\":\"search_term_string\"}}],\"inLanguage\":\"en-US\"},{\"@type\":\"Organization\",\"@id\":\"https:\\\/\\\/agence-feitler.lu\\\/en\\\/#organization\",\"name\":\"Agence Feitler\",\"url\":\"https:\\\/\\\/agence-feitler.lu\\\/en\\\/\",\"logo\":{\"@type\":\"ImageObject\",\"inLanguage\":\"en-US\",\"@id\":\"https:\\\/\\\/agence-feitler.lu\\\/en\\\/#\\\/schema\\\/logo\\\/image\\\/\",\"url\":\"https:\\\/\\\/agence-feitler.lu\\\/wp-content\\\/uploads\\\/2025\\\/10\\\/mfeitler-fav.png\",\"contentUrl\":\"https:\\\/\\\/agence-feitler.lu\\\/wp-content\\\/uploads\\\/2025\\\/10\\\/mfeitler-fav.png\",\"width\":512,\"height\":512,\"caption\":\"Agence Feitler\"},\"image\":{\"@id\":\"https:\\\/\\\/agence-feitler.lu\\\/en\\\/#\\\/schema\\\/logo\\\/image\\\/\"}}]}<\/script>\n<!-- \/ Yoast SEO plugin. -->","yoast_head_json":{"title":"Apartment Luxembourg - Agence Feitler","robots":{"index":"index","follow":"follow","max-snippet":"max-snippet:-1","max-image-preview":"max-image-preview:large","max-video-preview":"max-video-preview:-1"},"canonical":"https:\/\/agence-feitler.lu\/en\/property\/apartment-luxembourg-86469446\/","og_locale":"en_US","og_type":"article","og_title":"Apartment Luxembourg - Agence Feitler","og_description":"R\u00e9sidence GERSHWIN en construction sise \u00e0 Luxembourg-Merl rue Giselbert Date d&#8217;ach\u00e8vement septembre 2026 Appartement sis au rez-de-chauss\u00e9e de 53,94 m2 avec une surface jardin \/ terrasse de 77,47 m2 et...","og_url":"https:\/\/agence-feitler.lu\/en\/property\/apartment-luxembourg-86469446\/","og_site_name":"Agence Feitler","twitter_card":"summary_large_image","twitter_misc":{"Est. reading time":"1 minute"},"schema":{"@context":"https:\/\/schema.org","@graph":[{"@type":"WebPage","@id":"https:\/\/agence-feitler.lu\/en\/property\/apartment-luxembourg-86469446\/","url":"https:\/\/agence-feitler.lu\/en\/property\/apartment-luxembourg-86469446\/","name":"Apartment Luxembourg - Agence Feitler","isPartOf":{"@id":"https:\/\/agence-feitler.lu\/en\/#website"},"datePublished":"2026-03-03T15:25:06+00:00","breadcrumb":{"@id":"https:\/\/agence-feitler.lu\/en\/property\/apartment-luxembourg-86469446\/#breadcrumb"},"inLanguage":"en-US","potentialAction":[{"@type":"ReadAction","target":["https:\/\/agence-feitler.lu\/en\/property\/apartment-luxembourg-86469446\/"]}]},{"@type":"BreadcrumbList","@id":"https:\/\/agence-feitler.lu\/en\/property\/apartment-luxembourg-86469446\/#breadcrumb","itemListElement":[{"@type":"ListItem","position":1,"name":"Start","item":"https:\/\/agence-feitler.lu\/en\/"},{"@type":"ListItem","position":2,"name":"Apartment Luxembourg"}]},{"@type":"WebSite","@id":"https:\/\/agence-feitler.lu\/en\/#website","url":"https:\/\/agence-feitler.lu\/en\/","name":"Agence Feitler","description":"","publisher":{"@id":"https:\/\/agence-feitler.lu\/en\/#organization"},"potentialAction":[{"@type":"SearchAction","target":{"@type":"EntryPoint","urlTemplate":"https:\/\/agence-feitler.lu\/en\/?s={search_term_string}"},"query-input":{"@type":"PropertyValueSpecification","valueRequired":true,"valueName":"search_term_string"}}],"inLanguage":"en-US"},{"@type":"Organization","@id":"https:\/\/agence-feitler.lu\/en\/#organization","name":"Agence Feitler","url":"https:\/\/agence-feitler.lu\/en\/","logo":{"@type":"ImageObject","inLanguage":"en-US","@id":"https:\/\/agence-feitler.lu\/en\/#\/schema\/logo\/image\/","url":"https:\/\/agence-feitler.lu\/wp-content\/uploads\/2025\/10\/mfeitler-fav.png","contentUrl":"https:\/\/agence-feitler.lu\/wp-content\/uploads\/2025\/10\/mfeitler-fav.png","width":512,"height":512,"caption":"Agence Feitler"},"image":{"@id":"https:\/\/agence-feitler.lu\/en\/#\/schema\/logo\/image\/"}}]}},"_links":{"self":[{"href":"https:\/\/agence-feitler.lu\/en\/wp-json\/wp\/v2\/property\/1847","targetHints":{"allow":["GET"]}}],"collection":[{"href":"https:\/\/agence-feitler.lu\/en\/wp-json\/wp\/v2\/property"}],"about":[{"href":"https:\/\/agence-feitler.lu\/en\/wp-json\/wp\/v2\/types\/property"}],"wp:attachment":[{"href":"https:\/\/agence-feitler.lu\/en\/wp-json\/wp\/v2\/media?parent=1847"}],"curies":[{"name":"wp","href":"https:\/\/api.w.org\/{rel}","templated":true}]}}