{"id":1827,"date":"2026-03-03T16:24:58","date_gmt":"2026-03-03T15:24:58","guid":{"rendered":"https:\/\/agence-feitler.lu\/property\/wohnung-luxembourg\/"},"modified":"2026-03-04T13:54:28","modified_gmt":"2026-03-04T12:54:28","slug":"wohnung-luxembourg-86185936","status":"publish","type":"property","link":"https:\/\/agence-feitler.lu\/de\/property\/wohnung-luxembourg-86185936\/","title":{"rendered":"Appartement Luxembourg"},"content":{"rendered":"<p>A vendre<br \/>\nAppartement traversant \u00e0 vendre \u00e0 Luxembourg-Belair, 3 chambres \u00e0 coucher (108 m2)<br \/>\nsitu\u00e9 au 3\u00e8me \u00e9tage<br \/>\nLe bien n\u00e9cessite une r\u00e9novation compl\u00e8te.<br \/>\nDisposition:<br \/>\n-Vaste s\u00e9jour avec acc\u00e8s balcon orientation sud, offrant une belle luminosit\u00e9<br \/>\n-cuisine ind\u00e9pendante avec placards<br \/>\n-3 chambres \u00e0 coucher dont deux avec placard et une avec v\u00e9randa (avec belle vue vers la vall\u00e9e du Rollingergrund), la troisi\u00e8me chambre peut servir \u00e0 un bureau \/ chambre d&#8217;enfant<br \/>\n-salle de bains<br \/>\n-WC s\u00e9par\u00e9<br \/>\n-hall d&#8217;entr\u00e9e avec placard<br \/>\n-hall de nuit avec placard<br \/>\nAnnexes et \u00e9quipements:<br \/>\n-cave privative<br \/>\n-garage pour une voiture et possibilit\u00e9 de garer une voiture devant la porte garage<br \/>\n-rev\u00eatement du sol: parquet, carrelage et linol\u00e9um-<br \/>\n-chauffage au gaz<br \/>\n-Passeport \u00e9nerg\u00e9tique EF<br \/>\nAtouts:<br \/>\n-situation r\u00e9sidentielle<br \/>\n-\u00e0 proximit\u00e9 des commerces, restaurants, transports en commun, tram<br \/>\n-acc\u00e8s rapide aux axes autoroutiers<br \/>\n-&gt; Disponible imm\u00e9diatement<\/p>\n","protected":false},"excerpt":{"rendered":"<p>A vendre Appartement traversant \u00e0 vendre \u00e0 Luxembourg-Belair, 3 chambres \u00e0 coucher (108 m2) situ\u00e9 au 3\u00e8me \u00e9tage Le bien n\u00e9cessite une r\u00e9novation compl\u00e8te. Disposition: -Vaste s\u00e9jour avec acc\u00e8s balcon&#8230;<\/p>\n","protected":false},"featured_media":0,"template":"","meta":{"_acf_changed":false},"class_list":["post-1827","property","type-property","status-publish"],"acf":[],"yoast_head":"<!-- This site is optimized with the Yoast SEO plugin v27.3 - https:\/\/yoast.com\/product\/yoast-seo-wordpress\/ -->\n<title>Appartement Luxembourg - Agence Feitler<\/title>\n<meta name=\"robots\" content=\"index, follow, max-snippet:-1, max-image-preview:large, max-video-preview:-1\" \/>\n<link rel=\"canonical\" href=\"https:\/\/agence-feitler.lu\/de\/property\/wohnung-luxembourg-86185936\/\" \/>\n<meta property=\"og:locale\" content=\"de_DE\" \/>\n<meta property=\"og:type\" content=\"article\" \/>\n<meta property=\"og:title\" content=\"Appartement Luxembourg - Agence Feitler\" \/>\n<meta property=\"og:description\" content=\"A vendre Appartement traversant \u00e0 vendre \u00e0 Luxembourg-Belair, 3 chambres \u00e0 coucher (108 m2) situ\u00e9 au 3\u00e8me \u00e9tage Le bien n\u00e9cessite une r\u00e9novation compl\u00e8te. Disposition: -Vaste s\u00e9jour avec acc\u00e8s balcon...\" \/>\n<meta property=\"og:url\" content=\"https:\/\/agence-feitler.lu\/de\/property\/wohnung-luxembourg-86185936\/\" \/>\n<meta property=\"og:site_name\" content=\"Agence Feitler\" \/>\n<meta property=\"article:modified_time\" content=\"2026-03-04T12:54:28+00:00\" \/>\n<meta name=\"twitter:card\" content=\"summary_large_image\" \/>\n<meta name=\"twitter:label1\" content=\"Gesch\u00e4tzte Lesezeit\" \/>\n\t<meta name=\"twitter:data1\" content=\"1\u00a0Minute\" \/>\n<script type=\"application\/ld+json\" class=\"yoast-schema-graph\">{\"@context\":\"https:\\\/\\\/schema.org\",\"@graph\":[{\"@type\":\"WebPage\",\"@id\":\"https:\\\/\\\/agence-feitler.lu\\\/de\\\/property\\\/wohnung-luxembourg-86185936\\\/\",\"url\":\"https:\\\/\\\/agence-feitler.lu\\\/de\\\/property\\\/wohnung-luxembourg-86185936\\\/\",\"name\":\"Appartement Luxembourg - Agence Feitler\",\"isPartOf\":{\"@id\":\"https:\\\/\\\/agence-feitler.lu\\\/de\\\/#website\"},\"datePublished\":\"2026-03-03T15:24:58+00:00\",\"dateModified\":\"2026-03-04T12:54:28+00:00\",\"breadcrumb\":{\"@id\":\"https:\\\/\\\/agence-feitler.lu\\\/de\\\/property\\\/wohnung-luxembourg-86185936\\\/#breadcrumb\"},\"inLanguage\":\"de\",\"potentialAction\":[{\"@type\":\"ReadAction\",\"target\":[\"https:\\\/\\\/agence-feitler.lu\\\/de\\\/property\\\/wohnung-luxembourg-86185936\\\/\"]}]},{\"@type\":\"BreadcrumbList\",\"@id\":\"https:\\\/\\\/agence-feitler.lu\\\/de\\\/property\\\/wohnung-luxembourg-86185936\\\/#breadcrumb\",\"itemListElement\":[{\"@type\":\"ListItem\",\"position\":1,\"name\":\"Start\",\"item\":\"https:\\\/\\\/agence-feitler.lu\\\/de\\\/\"},{\"@type\":\"ListItem\",\"position\":2,\"name\":\"Appartement Luxembourg\"}]},{\"@type\":\"WebSite\",\"@id\":\"https:\\\/\\\/agence-feitler.lu\\\/de\\\/#website\",\"url\":\"https:\\\/\\\/agence-feitler.lu\\\/de\\\/\",\"name\":\"Agence Feitler\",\"description\":\"\",\"publisher\":{\"@id\":\"https:\\\/\\\/agence-feitler.lu\\\/de\\\/#organization\"},\"potentialAction\":[{\"@type\":\"SearchAction\",\"target\":{\"@type\":\"EntryPoint\",\"urlTemplate\":\"https:\\\/\\\/agence-feitler.lu\\\/de\\\/?s={search_term_string}\"},\"query-input\":{\"@type\":\"PropertyValueSpecification\",\"valueRequired\":true,\"valueName\":\"search_term_string\"}}],\"inLanguage\":\"de\"},{\"@type\":\"Organization\",\"@id\":\"https:\\\/\\\/agence-feitler.lu\\\/de\\\/#organization\",\"name\":\"Agence Feitler\",\"url\":\"https:\\\/\\\/agence-feitler.lu\\\/de\\\/\",\"logo\":{\"@type\":\"ImageObject\",\"inLanguage\":\"de\",\"@id\":\"https:\\\/\\\/agence-feitler.lu\\\/de\\\/#\\\/schema\\\/logo\\\/image\\\/\",\"url\":\"https:\\\/\\\/agence-feitler.lu\\\/wp-content\\\/uploads\\\/2025\\\/10\\\/mfeitler-fav.png\",\"contentUrl\":\"https:\\\/\\\/agence-feitler.lu\\\/wp-content\\\/uploads\\\/2025\\\/10\\\/mfeitler-fav.png\",\"width\":512,\"height\":512,\"caption\":\"Agence Feitler\"},\"image\":{\"@id\":\"https:\\\/\\\/agence-feitler.lu\\\/de\\\/#\\\/schema\\\/logo\\\/image\\\/\"}}]}<\/script>\n<!-- \/ Yoast SEO plugin. -->","yoast_head_json":{"title":"Appartement Luxembourg - Agence Feitler","robots":{"index":"index","follow":"follow","max-snippet":"max-snippet:-1","max-image-preview":"max-image-preview:large","max-video-preview":"max-video-preview:-1"},"canonical":"https:\/\/agence-feitler.lu\/de\/property\/wohnung-luxembourg-86185936\/","og_locale":"de_DE","og_type":"article","og_title":"Appartement Luxembourg - Agence Feitler","og_description":"A vendre Appartement traversant \u00e0 vendre \u00e0 Luxembourg-Belair, 3 chambres \u00e0 coucher (108 m2) situ\u00e9 au 3\u00e8me \u00e9tage Le bien n\u00e9cessite une r\u00e9novation compl\u00e8te. Disposition: -Vaste s\u00e9jour avec acc\u00e8s balcon...","og_url":"https:\/\/agence-feitler.lu\/de\/property\/wohnung-luxembourg-86185936\/","og_site_name":"Agence Feitler","article_modified_time":"2026-03-04T12:54:28+00:00","twitter_card":"summary_large_image","twitter_misc":{"Gesch\u00e4tzte Lesezeit":"1\u00a0Minute"},"schema":{"@context":"https:\/\/schema.org","@graph":[{"@type":"WebPage","@id":"https:\/\/agence-feitler.lu\/de\/property\/wohnung-luxembourg-86185936\/","url":"https:\/\/agence-feitler.lu\/de\/property\/wohnung-luxembourg-86185936\/","name":"Appartement Luxembourg - Agence Feitler","isPartOf":{"@id":"https:\/\/agence-feitler.lu\/de\/#website"},"datePublished":"2026-03-03T15:24:58+00:00","dateModified":"2026-03-04T12:54:28+00:00","breadcrumb":{"@id":"https:\/\/agence-feitler.lu\/de\/property\/wohnung-luxembourg-86185936\/#breadcrumb"},"inLanguage":"de","potentialAction":[{"@type":"ReadAction","target":["https:\/\/agence-feitler.lu\/de\/property\/wohnung-luxembourg-86185936\/"]}]},{"@type":"BreadcrumbList","@id":"https:\/\/agence-feitler.lu\/de\/property\/wohnung-luxembourg-86185936\/#breadcrumb","itemListElement":[{"@type":"ListItem","position":1,"name":"Start","item":"https:\/\/agence-feitler.lu\/de\/"},{"@type":"ListItem","position":2,"name":"Appartement Luxembourg"}]},{"@type":"WebSite","@id":"https:\/\/agence-feitler.lu\/de\/#website","url":"https:\/\/agence-feitler.lu\/de\/","name":"Agence Feitler","description":"","publisher":{"@id":"https:\/\/agence-feitler.lu\/de\/#organization"},"potentialAction":[{"@type":"SearchAction","target":{"@type":"EntryPoint","urlTemplate":"https:\/\/agence-feitler.lu\/de\/?s={search_term_string}"},"query-input":{"@type":"PropertyValueSpecification","valueRequired":true,"valueName":"search_term_string"}}],"inLanguage":"de"},{"@type":"Organization","@id":"https:\/\/agence-feitler.lu\/de\/#organization","name":"Agence Feitler","url":"https:\/\/agence-feitler.lu\/de\/","logo":{"@type":"ImageObject","inLanguage":"de","@id":"https:\/\/agence-feitler.lu\/de\/#\/schema\/logo\/image\/","url":"https:\/\/agence-feitler.lu\/wp-content\/uploads\/2025\/10\/mfeitler-fav.png","contentUrl":"https:\/\/agence-feitler.lu\/wp-content\/uploads\/2025\/10\/mfeitler-fav.png","width":512,"height":512,"caption":"Agence Feitler"},"image":{"@id":"https:\/\/agence-feitler.lu\/de\/#\/schema\/logo\/image\/"}}]}},"_links":{"self":[{"href":"https:\/\/agence-feitler.lu\/de\/wp-json\/wp\/v2\/property\/1827","targetHints":{"allow":["GET"]}}],"collection":[{"href":"https:\/\/agence-feitler.lu\/de\/wp-json\/wp\/v2\/property"}],"about":[{"href":"https:\/\/agence-feitler.lu\/de\/wp-json\/wp\/v2\/types\/property"}],"wp:attachment":[{"href":"https:\/\/agence-feitler.lu\/de\/wp-json\/wp\/v2\/media?parent=1827"}],"curies":[{"name":"wp","href":"https:\/\/api.w.org\/{rel}","templated":true}]}}